{"id":236,"date":"2008-07-08T15:11:22","date_gmt":"2008-07-08T14:11:22","guid":{"rendered":"http:\/\/mav.leine-solling.de\/neu\/?page_id=236"},"modified":"2014-09-23T09:54:28","modified_gmt":"2014-09-23T08:54:28","slug":"arr-u-konf","status":"publish","type":"page","link":"https:\/\/mav.leine-solling.de\/?page_id=236","title":{"rendered":"ARR-\u00dc-Konf"},"content":{"rendered":"<p>Die<strong> &#8222;Arbeitsrechtsregelung zur \u00dcberleitung der Mitarbeiter und Mitarbeiterinnen im Bereich der Konf\u00f6deration ev. Kirchen in Niedersachsen und der beteiligten Kirchen aufgrund der 61. \u00c4nderung der Dienstvertragsordnung vom 10. Juni 2008 und zur Regelung des \u00dcbergangsrechts (ARR-\u00dc-Konf)&#8220; <\/strong>regelt, wie am 01.01.2009 bereits besch\u00e4ftigte Mitarbeitende in die neue Eingruppierungsordnung des <abbr class='c2c-text-hover' title='Tarifvertrag der L\u00e4nder'>TV-L<\/abbr> &#8222;\u00fcberf\u00fchrt&#8220; werden.\u00a0 Dazu wird es in K\u00fcrze einen eigenen <a title=\"Artikel \u00dcberleitung\" href=\"https:\/\/mav.leine-solling.de\/wp-content\/uploads\/2008\/07\/uberleitung-in-neue-entgeltgruppen.pdf\">Artikel<\/a> geben. Wer den Text der ARR-\u00dc-Konf studieren m\u00f6chte, findet ihn <a title=\"hier\" href=\"https:\/\/mav.leine-solling.de\/wp-content\/uploads\/2008\/07\/arr_konf.pdf\">hier<\/a><\/p>\n<p>Die aktuelle\u00a0Fassung der ARR-\u00dc-Konf \u00a0ist <a title=\"externer Link zum ARR-\u00dc-Konf in der Kirchenrechtssammlung der Landeskirche Hannovers\" href=\"http:\/\/www.kirchenrecht-evlka.de\/showdocument\/id\/21078\" target=\"_blank\">hier zu lesen<\/a>.<\/p>\n","protected":false},"excerpt":{"rendered":"<p>Die &#8222;Arbeitsrechtsregelung zur \u00dcberleitung der Mitarbeiter und Mitarbeiterinnen im Bereich der Konf\u00f6deration ev. Kirchen in Niedersachsen und der beteiligten Kirchen aufgrund der 61. \u00c4nderung der Dienstvertragsordnung vom 10. Juni 2008 und zur Regelung des \u00dcbergangsrechts (ARR-\u00dc-Konf)&#8220; regelt, wie am 01.01.2009 bereits besch\u00e4ftigte Mitarbeitende in die neue Eingruppierungsordnung des <abbr class='c2c-text-hover' title='Tarifvertrag der L\u00e4nder'>TV-L<\/abbr> &#8222;\u00fcberf\u00fchrt&#8220; werden.\u00a0 Dazu wird es in [&hellip;]<\/p>\n","protected":false},"author":1,"featured_media":0,"parent":50,"menu_order":0,"comment_status":"open","ping_status":"closed","template":"","meta":{"footnotes":""},"class_list":["post-236","page","type-page","status-publish","hentry"],"_links":{"self":[{"href":"https:\/\/mav.leine-solling.de\/index.php?rest_route=\/wp\/v2\/pages\/236","targetHints":{"allow":["GET"]}}],"collection":[{"href":"https:\/\/mav.leine-solling.de\/index.php?rest_route=\/wp\/v2\/pages"}],"about":[{"href":"https:\/\/mav.leine-solling.de\/index.php?rest_route=\/wp\/v2\/types\/page"}],"author":[{"embeddable":true,"href":"https:\/\/mav.leine-solling.de\/index.php?rest_route=\/wp\/v2\/users\/1"}],"replies":[{"embeddable":true,"href":"https:\/\/mav.leine-solling.de\/index.php?rest_route=%2Fwp%2Fv2%2Fcomments&post=236"}],"version-history":[{"count":6,"href":"https:\/\/mav.leine-solling.de\/index.php?rest_route=\/wp\/v2\/pages\/236\/revisions"}],"predecessor-version":[{"id":2109,"href":"https:\/\/mav.leine-solling.de\/index.php?rest_route=\/wp\/v2\/pages\/236\/revisions\/2109"}],"up":[{"embeddable":true,"href":"https:\/\/mav.leine-solling.de\/index.php?rest_route=\/wp\/v2\/pages\/50"}],"wp:attachment":[{"href":"https:\/\/mav.leine-solling.de\/index.php?rest_route=%2Fwp%2Fv2%2Fmedia&parent=236"}],"curies":[{"name":"wp","href":"https:\/\/api.w.org\/{rel}","templated":true}]}}