{"id":111,"date":"2007-10-09T16:46:41","date_gmt":"2007-10-09T14:46:41","guid":{"rendered":"http:\/\/mav.leine-solling.de\/neu\/?page_id=111"},"modified":"2013-09-09T10:45:26","modified_gmt":"2013-09-09T09:45:26","slug":"verdi","status":"publish","type":"page","link":"https:\/\/mav.leine-solling.de\/?page_id=111","title":{"rendered":"ver.di"},"content":{"rendered":"<p><em><strong>Vereinigte Dienstleistungsgewerkschaft<\/strong><\/em>. Zweitgr\u00f6\u00dfte Gewerkschaft im Deutschen Gerwerkschaftsbund. 2001 hervorgegangen aus dem Zusammenschluss von f\u00fcnf Einzelgewerkschaften u.a. der Deutschen Angestellten Gewerkschaft (DAG) und der Gewerkschaft \u00d6ffentliche Dienste, Transport und Verkehr (\u00d6TV). Seit 2006 vertritt ver.di auch wieder die Interessen der kirchlichen Mitarbeitenden in der <a title=\"Erl\u00e4uterung ADK\" href=\"https:\/\/mav.leine-solling.de\/\/?page_id=66\"><abbr class='c2c-text-hover' title='Arbeits- und Dienstrechtliche Kommission'>ADK<\/abbr><\/a>, nachdem die DAG 1996 aus Protest gegen die Weigerung der kirchlichen Arbeitgeber, ordentliche Tarifvertr\u00e4ge abzuschlie\u00dfen, sich nicht mehr an der <a title=\"Erl\u00e4uterung ADK\" href=\"https:\/\/mav.leine-solling.de\/?page_id=66\"><abbr class='c2c-text-hover' title='Arbeits- und Dienstrechtliche Kommission'>ADK<\/abbr><\/a> beteiligt hatte. Wie viele Besch\u00e4ftigte im kirchlichen Dienst bei ver.di Mitglied sind ist nicht bekannt, ver.di nimmt f\u00fcr sich aber in Anspruch, die gr\u00f6\u00dfte Interessenvertretung der Mitarbeitenden im kirchlichen Dienst zu sein. Unstrittig ist, dass ver.di als &#8222;richtige&#8220; Gewerkschaft als einzige Arbeitnehmerorganisation zum Abschluss von Tarifvertr\u00e4gen berechtigt w\u00e4re und zur Durchsetzung ihrer Verhandlungsposition auch zu Streikhandlungen aufrufen d\u00fcrfte. Die beiden anderen in der <a title=\"Erl\u00e4uterung ADK\" href=\"https:\/\/mav.leine-solling.de\/?page_id=66\"><abbr class='c2c-text-hover' title='Arbeits- und Dienstrechtliche Kommission'>ADK<\/abbr><\/a> vertretenen Gruppierungen (<a title=\"Erl\u00e4uterung MVV\" href=\"https:\/\/mav.leine-solling.de\/?page_id=90\"><abbr class='c2c-text-hover' title='Mitarbeitervertretungsverband'>MVV<\/abbr><\/a> und <a title=\"Erl\u00e4uterung VkM\" href=\"https:\/\/mav.leine-solling.de\/?page_id=112\">VkM<\/a>) k\u00f6nnen &#8222;nur&#8220; im Rahmen des dritten Weges t\u00e4tig werden. Der &#8222;Wiedereintritt&#8220; einer Gewerkschaft in die Interessenvertretung der kirchlichen Besch\u00e4ftigten wurde von vielen Mitarbeitenden mit gro\u00dfer Freude wahrgenommen.<\/p>\n<p>Nach nur einer Legislaturperiode stellt ver.di die Mitarbeit in der <abbr class='c2c-text-hover' title='Arbeits- und Dienstrechtliche Kommission'>ADK<\/abbr> 2011 wieder ein. Man ist der Meinung, den Abschluss von Tarifvertr\u00e4gen nur durch eine Blockade des dritten Weges, also ohne Vertreter in das beschlussfassende Gremium zu entsenden, erreichen zu k\u00f6nnen. Klar ist, die Landeskirche Hannovers hat auf absehbare Zeit\u00a0 f\u00fcr den Bereich der verfassten Kirche (also die Mitarbeitenden von Kirchengemeinden und Kirchenkreisen) den Abschluss von Tarifvertr\u00e4gen ausgeschlossen. Ob ver.di mit der Abwesenheit in der <abbr class='c2c-text-hover' title='Arbeits- und Dienstrechtliche Kommission'>ADK<\/abbr> die Interessen der Mitarbeitenden tats\u00e4chlich wirkungsvoll vertreten kann, bleibt daher abzuwarten.<\/p>\n<p>Weitere Informationen f\u00fcr kirchliche Besch\u00e4ftigte gibt es bei <a title=\"Link Ver.di\" href=\"http:\/\/nds-bremen.verdi.de\/-\/pf4\" target=\"_blank\">ver.di Niedersachsen-Bremen<\/a>. Ansprechpartnerin bei ver.di ist Annette Klausing Tel.: 0511\/12400-256 E-Mail: <a href=\"mailto:annette.klausing@verdi.de\">Hier klicken<br \/>\n<\/a><\/p>\n<p>&nbsp;<\/p>\n","protected":false},"excerpt":{"rendered":"<p>Vereinigte Dienstleistungsgewerkschaft. Zweitgr\u00f6\u00dfte Gewerkschaft im Deutschen Gerwerkschaftsbund. 2001 hervorgegangen aus dem Zusammenschluss von f\u00fcnf Einzelgewerkschaften u.a. der Deutschen Angestellten Gewerkschaft (DAG) und der Gewerkschaft \u00d6ffentliche Dienste, Transport und Verkehr (\u00d6TV). Seit 2006 vertritt ver.di auch wieder die Interessen der kirchlichen Mitarbeitenden in der <abbr class='c2c-text-hover' title='Arbeits- und Dienstrechtliche Kommission'>ADK<\/abbr>, nachdem die DAG 1996 aus Protest gegen die Weigerung der kirchlichen [&hellip;]<\/p>\n","protected":false},"author":1,"featured_media":0,"parent":50,"menu_order":0,"comment_status":"closed","ping_status":"closed","template":"","meta":{"footnotes":""},"class_list":["post-111","page","type-page","status-publish","hentry"],"_links":{"self":[{"href":"https:\/\/mav.leine-solling.de\/index.php?rest_route=\/wp\/v2\/pages\/111","targetHints":{"allow":["GET"]}}],"collection":[{"href":"https:\/\/mav.leine-solling.de\/index.php?rest_route=\/wp\/v2\/pages"}],"about":[{"href":"https:\/\/mav.leine-solling.de\/index.php?rest_route=\/wp\/v2\/types\/page"}],"author":[{"embeddable":true,"href":"https:\/\/mav.leine-solling.de\/index.php?rest_route=\/wp\/v2\/users\/1"}],"replies":[{"embeddable":true,"href":"https:\/\/mav.leine-solling.de\/index.php?rest_route=%2Fwp%2Fv2%2Fcomments&post=111"}],"version-history":[{"count":6,"href":"https:\/\/mav.leine-solling.de\/index.php?rest_route=\/wp\/v2\/pages\/111\/revisions"}],"predecessor-version":[{"id":1841,"href":"https:\/\/mav.leine-solling.de\/index.php?rest_route=\/wp\/v2\/pages\/111\/revisions\/1841"}],"up":[{"embeddable":true,"href":"https:\/\/mav.leine-solling.de\/index.php?rest_route=\/wp\/v2\/pages\/50"}],"wp:attachment":[{"href":"https:\/\/mav.leine-solling.de\/index.php?rest_route=%2Fwp%2Fv2%2Fmedia&parent=111"}],"curies":[{"name":"wp","href":"https:\/\/api.w.org\/{rel}","templated":true}]}}