{"id":109,"date":"2007-10-09T15:56:52","date_gmt":"2007-10-09T13:56:52","guid":{"rendered":"http:\/\/mav.leine-solling.de\/neu\/?page_id=109"},"modified":"2013-09-09T10:48:00","modified_gmt":"2013-09-09T09:48:00","slug":"tv-l","status":"publish","type":"page","link":"https:\/\/mav.leine-solling.de\/?page_id=109","title":{"rendered":"TV-L"},"content":{"rendered":"<p><em><strong>Tarifvertrag f\u00fcr die Besch\u00e4ftigten im \u00f6ffentlichen Dienst der L\u00e4nder. <\/strong><\/em>Regelt Arbeitsbedingungen und Einkommen der Mitarbeitenden im \u00f6ffentlichen Dienst der Bundesl\u00e4nder. &#8222;Verwandt&#8220; mit dem <a title=\"Erl\u00e4uterung TV-\u00f6D\" href=\"https:\/\/mav.leine-solling.de\/?page_id=110\"><abbr class='c2c-text-hover' title='Tarifvertrag \u00f6ffentlicher Dienst'>TV-\u00f6D<\/abbr><\/a> (der das selbe, teilweise aber abweichend, f\u00fcr die Mitarbeitenden des Bundes und der Kommunen regelt). Der <abbr class='c2c-text-hover' title='Tarifvertrag der L\u00e4nder'>TV-L<\/abbr> ist der Nachfolgevertrag f\u00fcr den <a title=\"Erl\u00e4uterung BAT\" href=\"https:\/\/mav.leine-solling.de\/?page_id=70\"><abbr class='c2c-text-hover' title='Bundesangestelltentarifvertrag'>BAT<\/abbr><\/a> bzw. <a title=\"Erl\u00e4uterung MtArb\" href=\"https:\/\/mav.leine-solling.de\/?page_id=88\">MtArb<\/a>. Wurde verhandelt zwischen Vertretern der Bundesl\u00e4nder und der Gewerkschaft <a title=\"Erl\u00e4uterung ver.di\" href=\"https:\/\/mav.leine-solling.de\/?page_id=111\">ver.di<\/a><strong>. <\/strong>Der <abbr class='c2c-text-hover' title='Tarifvertrag der L\u00e4nder'>TV-L<\/abbr> beinhaltet ein neues Eingruppierungs- und Bew\u00e4hrungssystem. Mit Wirkung vom 01.01.2012 gibt es auch eine Entgeltordnung, in der geregelt wird, welcher T\u00e4tigkeit eine Entgeltgruppe zugeorndet wird. . Der <abbr class='c2c-text-hover' title='Tarifvertrag der L\u00e4nder'>TV-L<\/abbr> sieht f\u00fcr Besch\u00e4ftigte des Landes Niedersachsen eine regelm\u00e4\u00dfige Arbeitszeit von 39 Stunden und 48 Minuten pro Woche vor. F\u00fcr bestimmte Mitarbeitende (u.a. Besch\u00e4ftigte in Heimen und heilp\u00e4dagogischen Einrichtungen) gilt weiterhin die 38,5 Stunden Wochenarbeitszeit. F\u00fcr Mitarbeitende in Kitas gilt diese verk\u00fcrzte Arbeitszeit ausschlie\u00dflich in Bremen, in Niedersachsen gilt 39 Stdn. 48 Min. auch f\u00fcr <abbr class='c2c-text-hover' title='Kindertagesst\u00e4tte'>Kita<\/abbr>-Besch\u00e4ftigte. Der <abbr class='c2c-text-hover' title='Tarifvertrag der L\u00e4nder'>TV-L<\/abbr> sieht eine j\u00e4hrliche Sonderzuwendung abgestuft nach der Eingruppierung vor, als abgemagerter Nachfolger von Urlaubs- und Weihnachtsgeld. F\u00fcr kirchliche Mitarbeitende gelten teilweise abweichende Regelungen (s.u.)<\/p>\n<p>Ab 01.01.2009 werden die Bestimmungen des <abbr class='c2c-text-hover' title='Tarifvertrag der L\u00e4nder'>TV-L<\/abbr> auch f\u00fcr kirchliche Mitarbeitende der Konf\u00f6deration evangelischer Kirchen in Niedersachsen angewendet, wenn in der <a title=\"Erl\u00e4uterung DVO\" href=\"https:\/\/mav.leine-solling.de\/wp-admin\/page.php?action=edit&amp;post=72\"><abbr class='c2c-text-hover' title='Dienstvertragsordnung'>DVO<\/abbr><\/a> nichts abweichendes geregelt ist. Eine Zusammenstellung der &#8222;Kirchenfassug&#8220; des <abbr class='c2c-text-hover' title='Tarifvertrag der L\u00e4nder'>TV-L<\/abbr> findet sich <a href=\"https:\/\/mav.leine-solling.de\/?page_id=230\">hier<\/a><\/p>\n<p>Weitere Informationen gibt es <a title=\"Wikipedia TV-L\" href=\"http:\/\/de.wikipedia.org\/wiki\/Tarifvertrag_\u00f6ffentlicher_Dienst\" target=\"_blank\">hier (Wikipedia)<\/a> und <a title=\"Link TV-L Ver.di\" href=\"http:\/\/nds-bremen.verdi.de\/branchen_und_berufe\/fachbereich_6_bund_und_laender\/bund_und_laender_allgemein\/data\/TV-L%20-%20Neues%20Tarifrecht%20ab%202006-11-01.pdf\" target=\"_blank\">hier (ver.di) <\/a><\/p>\n","protected":false},"excerpt":{"rendered":"<p>Tarifvertrag f\u00fcr die Besch\u00e4ftigten im \u00f6ffentlichen Dienst der L\u00e4nder. Regelt Arbeitsbedingungen und Einkommen der Mitarbeitenden im \u00f6ffentlichen Dienst der Bundesl\u00e4nder. &#8222;Verwandt&#8220; mit dem <abbr class='c2c-text-hover' title='Tarifvertrag \u00f6ffentlicher Dienst'>TV-\u00f6D<\/abbr> (der das selbe, teilweise aber abweichend, f\u00fcr die Mitarbeitenden des Bundes und der Kommunen regelt). Der <abbr class='c2c-text-hover' title='Tarifvertrag der L\u00e4nder'>TV-L<\/abbr> ist der Nachfolgevertrag f\u00fcr den <abbr class='c2c-text-hover' title='Bundesangestelltentarifvertrag'>BAT<\/abbr> bzw. MtArb. Wurde verhandelt zwischen Vertretern der Bundesl\u00e4nder [&hellip;]<\/p>\n","protected":false},"author":1,"featured_media":0,"parent":50,"menu_order":0,"comment_status":"closed","ping_status":"closed","template":"","meta":{"footnotes":""},"class_list":["post-109","page","type-page","status-publish","hentry"],"_links":{"self":[{"href":"https:\/\/mav.leine-solling.de\/index.php?rest_route=\/wp\/v2\/pages\/109","targetHints":{"allow":["GET"]}}],"collection":[{"href":"https:\/\/mav.leine-solling.de\/index.php?rest_route=\/wp\/v2\/pages"}],"about":[{"href":"https:\/\/mav.leine-solling.de\/index.php?rest_route=\/wp\/v2\/types\/page"}],"author":[{"embeddable":true,"href":"https:\/\/mav.leine-solling.de\/index.php?rest_route=\/wp\/v2\/users\/1"}],"replies":[{"embeddable":true,"href":"https:\/\/mav.leine-solling.de\/index.php?rest_route=%2Fwp%2Fv2%2Fcomments&post=109"}],"version-history":[{"count":4,"href":"https:\/\/mav.leine-solling.de\/index.php?rest_route=\/wp\/v2\/pages\/109\/revisions"}],"predecessor-version":[{"id":3222,"href":"https:\/\/mav.leine-solling.de\/index.php?rest_route=\/wp\/v2\/pages\/109\/revisions\/3222"}],"up":[{"embeddable":true,"href":"https:\/\/mav.leine-solling.de\/index.php?rest_route=\/wp\/v2\/pages\/50"}],"wp:attachment":[{"href":"https:\/\/mav.leine-solling.de\/index.php?rest_route=%2Fwp%2Fv2%2Fmedia&parent=109"}],"curies":[{"name":"wp","href":"https:\/\/api.w.org\/{rel}","templated":true}]}}